{"id":70,"date":"2025-11-27T17:17:25","date_gmt":"2025-11-27T16:17:25","guid":{"rendered":"https:\/\/perdahlstrom.se\/?page_id=70"},"modified":"2026-04-07T14:08:35","modified_gmt":"2026-04-07T12:08:35","slug":"cv","status":"publish","type":"page","link":"http:\/\/perdahlstrom.se\/?page_id=70","title":{"rendered":"CV"},"content":{"rendered":"\n<h2 class=\"wp-block-heading\">Augusti 2021 \u2013 p\u00e5g\u00e5ende<\/h2>\n\n\n\n<p>Driver eget aktiebolag, Per Dahlstr\u00f6m i Karlstad AB (556759-3909).<\/p>\n\n\n\n<h1 class=\"wp-block-heading\">Uppdrag genom eget f\u00f6retag<\/h1>\n\n\n\n<h2 class=\"wp-block-heading\">Januari 2026 \u2013 p\u00e5g\u00e5ende<\/h2>\n\n\n\n<p>Som underkonsult hos Addcontext anlitad som IEC 62443-expert hos Trafikverket. Inventering av trafik\u00f6vervakningssystem och informationshantering som kan orsaka NIS-incidenter. Framtagning av Implementeringsplan f\u00f6r Trafikverkets samtliga anl\u00e4ggningar som omfattas av NIS-direktivet.<\/p>\n\n\n\n<h2 class=\"wp-block-heading\">Februari 2026 \u2013 p\u00e5g\u00e5ende<\/h2>\n\n\n\n<p>Utveckla rutiner kring l\u00f6pande arbete f\u00f6r Kontinuitetsplanering p\u00e5 Region V\u00e4rmland, Region-IT. I samverkan med referensgrupp arbeta fram mallar, rutiner och dokumentationspraxis kring allt som r\u00f6r kontinuitetsplaner, reservrutiner, \u00e5terst\u00e4llningsplaner och \u00e5terg\u00e5ngsrutiner f\u00f6r IPA Teknisk plattform. St\u00f6ttande f\u00f6r delegerad personal att hantera uppf\u00f6ljning, \u00f6vning och uppdatering av kontinuitetsarbetet. Direktupphandlad till projekt fram till Q3-2026.<\/p>\n\n\n\n<h2 class=\"wp-block-heading\">Februari 2025 \u2013 p\u00e5g\u00e5ende<\/h2>\n\n\n\n<p>Interim IT-chef p\u00e5 Arnessons Betongborrning, medelstort f\u00f6retag (100+ anst\u00e4llda) i Karlstad p\u00e5 deltid.<\/p>\n\n\n\n<h2 class=\"wp-block-heading\">Mars 2025 \u2013 augusti 2025<\/h2>\n\n\n\n<p>Utredning och dokumentation inf\u00f6r ISO 5001 certifiering p\u00e5 Nordic Paper. Prim\u00e4r kontakt med externa leverant\u00f6rer av mjukvara f\u00f6r analys. Ansvara f\u00f6r att ta fram en infrastruktur f\u00f6r l\u00e5ngtidslagring, insamling och bearbetning av energidata p\u00e5 koncernniv\u00e5. Samordning med befintlig IT och OT f\u00f6r struktur p\u00e5 lagring, dokumentation och f\u00f6rvaltningsplan. Mestadels har arbetet skett p\u00e5 distans men ocks\u00e5 p\u00e5 plats p\u00e5 B\u00e4ckhammars bruk.<\/p>\n\n\n\n<h2 class=\"wp-block-heading\">Januari 2025 \u2013 december 2025<\/h2>\n\n\n\n<p>IT-konsult mot sm\u00e5 och medelstora f\u00f6retag; bland annat &nbsp;projektledare f\u00f6r st\u00f6rre migreringsprojekt i samband med fysisk flytt. Inventering och konsolidering av mjukvara och h\u00e5rdvara, optimering och s\u00e4kring av IT-milj\u00f6 inklusive klient, server, n\u00e4tverk och skalskydd.<\/p>\n\n\n\n<h2 class=\"wp-block-heading\">Oktober 2024 \u2013 december 2024<\/h2>\n\n\n\n<p>Projektledare i infrastrukturprojekt att migrera till ny n\u00e4tleverant\u00f6r, Karlstad stadsn\u00e4t i \u00f6ppet fibern\u00e4t, hos Karlstads bostads AB. Omfattar cirka 8.000 l\u00e4genheter, aff\u00e4rslokaler och andra \u00f6verl\u00e4mningspunkter.<\/p>\n\n\n\n<p>Totalt 300+ switchar med drygt 11.000 portar. Ansvarig f\u00f6r genomf\u00f6randet under stor tidspress, delegerade n\u00e4tverkstekniker till r\u00e4tt plats med r\u00e4tt nycklar vid r\u00e4tt tid samt dokumenterade flytt l\u00f6pande. Avslutande rapportering till Mittn\u00e4t, Karlstads energi, Karlstads bostads AB och Globalconnect.<\/p>\n\n\n\n<h2 class=\"wp-block-heading\">Februari 2024 \u2013 oktober 2024<\/h2>\n\n\n\n<p>Kompledig! Har just nu i livet vuxna barn men inga barn-barn (\u00e4n). Har dessutom pengar \u00f6ver fr\u00e5n en fastighetsaff\u00e4r. Passade d\u00e4rf\u00f6r p\u00e5 att ta komp-ledigt, med min fru. Rest och upplevt en hel del av min \u201dbucket-list\u201d, det blev en hel del golf ocks\u00e5. Har naturligtvis f\u00f6ljt med i utvecklingen inom IT, speciellt AI, NIS2-direktivet och nya cloud-l\u00f6sningar under denna tid.<\/p>\n\n\n\n<h2 class=\"wp-block-heading\">Maj 2023 \u2013 januari 2024<\/h2>\n\n\n\n<p>Anlitad av Region V\u00e4rmland IT f\u00f6r att ta fram och f\u00f6rnya kontinuitetsplaner. I uppdraget ing\u00e5r att dokumentera och ta fram reservrutiner f\u00f6r fr\u00e4mst n\u00e4tverk, plattform och arbetsplats hos Region V\u00e4rmland. \u00c4ven ledning av workshops och coachning av personal f\u00f6r att ta fram underlag enligt Region V\u00e4rmlands fastst\u00e4llda standard. Samarbetade ocks\u00e5 med Region V\u00e4rmlands beredskapsgrupp f\u00f6r att finputsa framtaget material och underlag.<\/p>\n\n\n\n<h2 class=\"wp-block-heading\">Januari 2023 \u2013 april 2023<\/h2>\n\n\n\n<p>Anlitad av Kammarkollegiet i Karlstad f\u00f6r att f\u00f6rdjupa en f\u00f6rstudie kring kund-, leverant\u00f6r- och handl\u00e4ggningsst\u00f6d f\u00f6r den offentliga omst\u00e4llningsorganisationen. Utredningens uppdrag var att g\u00f6ra en genomlysning av systemst\u00f6det utifr\u00e5n olika perspektiv s\u00e5som verksamhetsbehov, anv\u00e4ndarv\u00e4nlighet, f\u00f6rvaltning (anpassningar, support), licenskostnader, uppf\u00f6ljningsm\u00f6jligheter (statistik), systemadministration samt eventuella ytterligare perspektiv som framkom under arbetet. Utredning &nbsp;identifierade de krav och behov som finns i processen, m\u00f6jliga v\u00e4gval och levererade ett f\u00f6rslag till inriktning f\u00f6r det framtida systemst\u00f6det som bidrag till m\u00e5luppfyllnad.<\/p>\n\n\n\n<h2 class=\"wp-block-heading\">December 2021 \u2013 december 2022<\/h2>\n\n\n\n<p>Anlitad av Post- och telestyrelsen som l\u00f6sningsarkitekt f\u00f6rsta halv\u00e5ret och resterande som projektledare i ett uppdrag omfattande system- och infrastrukturdesign. Huvuduppdraget var att konsolidera PTS system f\u00f6r kunddata och skapa ett mastersystem som andra undersystem sedan skall anv\u00e4nda. I arbetet ingick ocks\u00e5 informationsmodellering och -klassning<\/p>\n\n\n\n<h2 class=\"wp-block-heading\">Augusti 2021 \u2013 p\u00e5g\u00e5ende<\/h2>\n\n\n\n<p>F\u00f6rutom ovan angivna uppdrag jobbar jag parallellt som underkonsult med flera v\u00e4rml\u00e4ndska IT-bolag. Min roll h\u00e4r \u00e4r spetskompetens, infrastrukturarkitekt, projektledare och senior IT-konsult, fr\u00e4mst p\u00e5 drift- och infrastruktur men \u00e4ven processutveckling och optimering.<\/p>\n\n\n\n<h2 class=\"wp-block-heading\">2004 till 2015 &#8211; Partnerdata Konsultia AB \u2013 Konsultchef\/\u00c4gare<\/h2>\n\n\n\n<p>Aff\u00e4rsdrivande IT-konsult, drift och underh\u00e5llsarbete p\u00e5 servrar och klienter, nyf\u00f6rs\u00e4ljning av hela eller delar av IT-milj\u00f6er, hosting av hela eller delar av IT-milj\u00f6er, HP Silver Partner. Allt som t\u00e4nkas kan inom IT-drift, utbyggnad, nya upps\u00e4ttningar, migrering och f\u00f6r\u00e4ndring. Under fyra \u00e5r involverad i ett av Sveriges st\u00f6rsta IT-projekt inom Svenska kyrkan som konsult. Del\u00e4gare (mellan 50 och 15% genom \u00e5ren) med plats i styrelse och ledning.<\/p>\n\n\n\n<h1 class=\"wp-block-heading\">Anst\u00e4llningar<\/h1>\n\n\n\n<h2 class=\"wp-block-heading\">Mars 2015 till augusti 2021 \u2013 Anst\u00e4llning: IT-chef p\u00e5 NWT Gruppen<\/h2>\n\n\n\n<p>IT-avdelningen inom NWT Gruppen best\u00e5r endast av fyra personer, mig inr\u00e4knad. P\u00e5 de fyra personerna drev och utvecklade vi ett n\u00e4tverk p\u00e5 38 olika geografiska platser med cirka 600 datorarbetsplatser. Vi hade tre egna datahallar med ett dryg 100-tal servrar. Vi hade egen intern support och beredskap. Allt tekniskt passerade genom oss. Jag hade budget- och personalansvar, satt i ledningsgruppen f\u00f6r koncernen och var organiserad direkt under koncern-VD.<\/p>\n\n\n\n<h2 class=\"wp-block-heading\">2003 till 2004 &#8211; H\u00f6g-data i Karlstad \u2013 IT-konsult<\/h2>\n\n\n\n<p>IT-konsult mot sm\u00e5 och medelstora f\u00f6retag. Eget ansvar f\u00f6r offertl\u00e4mnande, utf\u00f6rande och fakturering. Drev all egen verksamhet som ett litet f\u00f6retag i f\u00f6retaget.<\/p>\n\n\n\n<h2 class=\"wp-block-heading\">1988 till 2003 &#8211; Telia \u2013 Diverse<\/h2>\n\n\n\n<p>Inom Telia hade jag en uppsj\u00f6 med arbeten under 15 \u00e5r, bland annat inom mobiltelefoni och ADB, som det hette p\u00e5 den tiden\u2026<\/p>\n\n\n\n<h2 class=\"wp-block-heading\">Utbildningar<\/h2>\n\n\n\n<p>Innehar tio MCP-certifikat hos Microsoft. Har titlarna MCSE och MCSA.<br>Diverse andra utbildningar under \u00e5ren; kundhantering, statistik, UNIX-grund, BIND, ledarskap och informationsteknik. Har jobbat flera \u00e5r enligt projektmodellen PROPS som teknisk delprojektledare.<br>Fyra\u00e5rig El-Tele-teknisk p\u00e5 \u00c4lvkullegymnasiet i Karlstad.<br>Har gjort elva m\u00e5naders v\u00e4rnplikt.<br>Jag har k\u00f6rkort (f\u00f6r bil med tungt sl\u00e4p och tung MC).<br>F\u00f6rutom svenska pratar och skriver jag flytande engelska, n\u00e5got lite tyska och n\u00e5gra ord spanska.<\/p>\n\n\n\n<h2 class=\"wp-block-heading\">Referenser<\/h2>\n\n\n\n<p>Jag l\u00e4mnar g\u00e4rna referenser p\u00e5 beg\u00e4ran.<br><br><\/p>\n\n\n\n<h2 class=\"wp-block-heading\">Personuppgifter<\/h2>\n\n\n\n<p>Per Dahlstr\u00f6m&nbsp;&nbsp;&nbsp;&nbsp;&nbsp;&nbsp;&nbsp;&nbsp;&nbsp;&nbsp;&nbsp;&nbsp;&nbsp;&nbsp;&nbsp;&nbsp;&nbsp;&nbsp;&nbsp;&nbsp;&nbsp;&nbsp;&nbsp;&nbsp;&nbsp;&nbsp;&nbsp;&nbsp;&nbsp;&nbsp;&nbsp;&nbsp;&nbsp;&nbsp;&nbsp;&nbsp;&nbsp;&nbsp;&nbsp;&nbsp;&nbsp;&nbsp;&nbsp;&nbsp;&nbsp;&nbsp;&nbsp;&nbsp; F\u00f6dd 21 november 1966 i Eksh\u00e4rad.<br>Poppelgatan 5&nbsp;&nbsp;&nbsp;&nbsp;&nbsp;&nbsp;&nbsp;&nbsp;&nbsp;&nbsp;&nbsp;&nbsp;&nbsp;&nbsp;&nbsp;&nbsp;&nbsp;&nbsp;&nbsp;&nbsp;&nbsp;&nbsp;&nbsp;&nbsp;&nbsp;&nbsp;&nbsp;&nbsp;&nbsp;&nbsp;&nbsp;&nbsp;&nbsp;&nbsp;&nbsp;&nbsp;&nbsp;&nbsp;&nbsp;&nbsp;&nbsp;&nbsp;&nbsp;&nbsp;&nbsp;&nbsp;&nbsp; Bosatt i Karlstad sedan 1973.<br>652 30&nbsp;&nbsp; Karlstad<\/p>\n\n\n\n<h2 class=\"wp-block-heading\">Kontaktv\u00e4gar<\/h2>\n\n\n\n<p>per@perdahlstrom.se&nbsp;&nbsp;&nbsp;&nbsp;&nbsp;&nbsp;&nbsp;&nbsp;&nbsp;&nbsp;&nbsp;&nbsp;&nbsp;&nbsp;&nbsp;&nbsp;&nbsp;&nbsp;&nbsp;&nbsp;&nbsp;&nbsp;&nbsp;&nbsp;&nbsp;&nbsp;&nbsp;&nbsp;&nbsp;&nbsp;&nbsp;&nbsp;&nbsp;&nbsp; https:\/\/www.linkedin.com\/in\/perdahlstrom<br>070-681 50 00<\/p>\n","protected":false},"excerpt":{"rendered":"<p>Augusti 2021 \u2013 p\u00e5g\u00e5ende Driver eget aktiebolag, Per Dahlstr\u00f6m i Karlstad AB (556759-3909). Uppdrag genom eget f\u00f6retag Januari 2026 \u2013 p\u00e5g\u00e5ende Som underkonsult hos Addcontext anlitad som IEC 62443-expert hos Trafikverket. Inventering av trafik\u00f6vervakningssystem och informationshantering som kan orsaka NIS-incidenter. Framtagning av Implementeringsplan f\u00f6r Trafikverkets samtliga anl\u00e4ggningar som omfattas av NIS-direktivet. Februari 2026 \u2013 p\u00e5g\u00e5ende&#8230;<\/p>\n","protected":false},"author":2,"featured_media":0,"parent":0,"menu_order":0,"comment_status":"closed","ping_status":"closed","template":"","meta":{"footnotes":""},"class_list":["post-70","page","type-page","status-publish","hentry"],"_links":{"self":[{"href":"http:\/\/perdahlstrom.se\/index.php?rest_route=\/wp\/v2\/pages\/70","targetHints":{"allow":["GET"]}}],"collection":[{"href":"http:\/\/perdahlstrom.se\/index.php?rest_route=\/wp\/v2\/pages"}],"about":[{"href":"http:\/\/perdahlstrom.se\/index.php?rest_route=\/wp\/v2\/types\/page"}],"author":[{"embeddable":true,"href":"http:\/\/perdahlstrom.se\/index.php?rest_route=\/wp\/v2\/users\/2"}],"replies":[{"embeddable":true,"href":"http:\/\/perdahlstrom.se\/index.php?rest_route=%2Fwp%2Fv2%2Fcomments&post=70"}],"version-history":[{"count":3,"href":"http:\/\/perdahlstrom.se\/index.php?rest_route=\/wp\/v2\/pages\/70\/revisions"}],"predecessor-version":[{"id":74,"href":"http:\/\/perdahlstrom.se\/index.php?rest_route=\/wp\/v2\/pages\/70\/revisions\/74"}],"wp:attachment":[{"href":"http:\/\/perdahlstrom.se\/index.php?rest_route=%2Fwp%2Fv2%2Fmedia&parent=70"}],"curies":[{"name":"wp","href":"https:\/\/api.w.org\/{rel}","templated":true}]}}